{"id":8749,"date":"2026-01-11T11:16:21","date_gmt":"2026-01-11T14:16:21","guid":{"rendered":"https:\/\/mundialdoqueijodobrasil.com\/?page_id=8749"},"modified":"2026-04-09T20:50:34","modified_gmt":"2026-04-09T23:50:34","slug":"programa-via-lactea","status":"publish","type":"page","link":"https:\/\/mundialdoqueijodobrasil.com\/es\/programa-via-lactea\/","title":{"rendered":"Programa V\u00eda L\u00e1ctea"},"content":{"rendered":"<div data-elementor-type=\"wp-page\" data-elementor-id=\"8749\" class=\"elementor elementor-8749\" data-elementor-post-type=\"page\">\n\t\t\t\t<div class=\"elementor-element elementor-element-9abe21f e-flex e-con-boxed e-con e-parent\" data-id=\"9abe21f\" data-element_type=\"container\" data-e-type=\"container\">\n\t\t\t\t\t<div class=\"e-con-inner\">\n\t\t\t\t<div class=\"elementor-element elementor-element-c39e13a elementor-widget elementor-widget-image\" data-id=\"c39e13a\" data-element_type=\"widget\" data-e-type=\"widget\" data-widget_type=\"image.default\">\n\t\t\t\t<div class=\"elementor-widget-container\">\n\t\t\t\t\t\t\t\t\t\t\t\t<figure class=\"wp-caption\">\n\t\t\t\t\t\t\t\t\t\t\t<a href=\"https:\/\/www.sympla.com.br\/evento\/4-mundial-do-queijo-do-brasil-2026\/3329875?gad_source=1&#038;gad_campaignid=23633422254&#038;gbraid=0AAAAACQc8u7ankAPzM94f52VYlFJWpE_W&#038;gclid=CjwKCAjwyYPOBhBxEiwAgpT8Py6KTYa-TUYpFdOBV5qpi3xj31KnDImvOqhY0X-u-wt5ftcmwcq7mhoCtO0QAvD_BwE&#038;referrer=www.google.com&#038;referrer=www.google.com&#038;share_id=copiarlink\">\n\t\t\t\t\t\t\t<img fetchpriority=\"high\" decoding=\"async\" width=\"800\" height=\"480\" src=\"https:\/\/mundialdoqueijodobrasil.com\/wp-content\/uploads\/2026\/03\/via-lacteasite-1024x614.webp\" class=\"attachment-large size-large wp-image-95071\" alt=\"\" srcset=\"https:\/\/mundialdoqueijodobrasil.com\/wp-content\/uploads\/2026\/03\/via-lacteasite-1024x614.webp 1024w, https:\/\/mundialdoqueijodobrasil.com\/wp-content\/uploads\/2026\/03\/via-lacteasite-300x180.webp 300w, https:\/\/mundialdoqueijodobrasil.com\/wp-content\/uploads\/2026\/03\/via-lacteasite-768x460.webp 768w, https:\/\/mundialdoqueijodobrasil.com\/wp-content\/uploads\/2026\/03\/via-lacteasite-1536x921.webp 1536w, https:\/\/mundialdoqueijodobrasil.com\/wp-content\/uploads\/2026\/03\/via-lacteasite-18x12.webp 18w, https:\/\/mundialdoqueijodobrasil.com\/wp-content\/uploads\/2026\/03\/via-lacteasite-500x300.webp 500w, https:\/\/mundialdoqueijodobrasil.com\/wp-content\/uploads\/2026\/03\/via-lacteasite-700x420.webp 700w, https:\/\/mundialdoqueijodobrasil.com\/wp-content\/uploads\/2026\/03\/via-lacteasite.webp 1920w\" sizes=\"(max-width: 800px) 100vw, 800px\" \/>\t\t\t\t\t\t\t\t<\/a>\n\t\t\t\t\t\t\t\t\t\t\t<figcaption class=\"widget-image-caption wp-caption-text\"><\/figcaption>\n\t\t\t\t\t\t\t\t\t\t<\/figure>\n\t\t\t\t\t\t\t\t\t<\/div>\n\t\t\t\t<\/div>\n\t\t\t\t<div class=\"elementor-element elementor-element-c08c17b elementor-widget elementor-widget-text-editor\" data-id=\"c08c17b\" data-element_type=\"widget\" data-e-type=\"widget\" data-widget_type=\"text-editor.default\">\n\t\t\t\t<div class=\"elementor-widget-container\">\n\t\t\t\t\t\t\t\t\t<h1 style=\"text-align: center;\"><span id=\"docs-internal-guid-08b2d310-7fff-1467-2746-ca65b95695a7\" style=\"color: #003366;\"><span style=\"font-size: 18pt; background-color: transparent; font-weight: bold; font-variant-numeric: normal; font-variant-east-asian: normal; font-variant-alternates: normal; font-variant-position: normal; font-variant-emoji: normal; vertical-align: baseline; white-space-collapse: preserve;\">El viaje del conocimiento en los World Cheese Awards Brasil 2026<\/span><\/span><\/h1>\t\t\t\t\t\t\t\t<\/div>\n\t\t\t\t<\/div>\n\t\t\t\t<div class=\"elementor-element elementor-element-bfa0027 elementor-widget elementor-widget-text-editor\" data-id=\"bfa0027\" data-element_type=\"widget\" data-e-type=\"widget\" data-widget_type=\"text-editor.default\">\n\t\t\t\t<div class=\"elementor-widget-container\">\n\t\t\t\t\t\t\t\t\t<p><span style=\"font-weight: 400;\">El Teatro B32, en la Pra\u00e7a da Baleia de S\u00e3o Paulo, ser\u00e1 el escenario del conocimiento y la innovaci\u00f3n en el Campeonato Mundial Brasile\u00f1o del Queso. Los d\u00edas 17 y 18 de abril, el Programa Via L\u00e1ctea reunir\u00e1 a los principales expertos del sector durante dos d\u00edas de inmersi\u00f3n t\u00e9cnica, debates y reflexi\u00f3n colaborativa sobre la cultura quesera.<\/span><\/p><h2><b>C\u00f3mo participar<\/b><\/h2><p><span style=\"font-weight: 400;\">Para participar en el Programa V\u00eda L\u00e1ctea, es necesario adquirir un pase R$100, que garantiza el acceso a todas las conferencias y actividades por orden de llegada, ya que las salas tienen capacidad limitada. Las clases est\u00e1n abiertas a todo el p\u00fablico, y los primeros 50 participantes que lleguen a cada sala aseguran su plaza. Las salas son contiguas y el desplazamiento entre ellas es r\u00e1pido, ya que las clases siempre terminan 5 o 10 minutos antes de la hora de inicio programada de la siguiente, lo que permite aprovechar al m\u00e1ximo todas las actividades.<\/span><\/p><p><span style=\"font-weight: 400;\">Al finalizar cada conferencia o clase magistral, recibir\u00e1 un certificado individual por correo electr\u00f3nico que confirmar\u00e1 su participaci\u00f3n en las actividades a las que haya asistido.\u00a0<\/span><\/p><p><span style=\"font-weight: 400;\">Cada <\/span><b>Clase magistral<\/b><span style=\"font-weight: 400;\"> Tienen un valor adicional de R$260.00 y ofrecen una amplia experiencia con los principales expertos del sector.<\/span><\/p><h2><b>Viernes, 17 de abril<\/b><\/h2><h3><b>Habitaci\u00f3n 1<\/b><\/h3><table><tbody><tr><td><p><span style=\"font-weight: 400;\">Tiempo<\/span><\/p><\/td><td><p><span style=\"font-weight: 400;\">Tema<\/span><\/p><\/td><td><p><span style=\"font-weight: 400;\">Vocero<\/span><\/p><\/td><td><p><span style=\"font-weight: 400;\">Perfil<\/span><\/p><\/td><\/tr><tr><td><p><span style=\"font-weight: 400;\">De 9:00 a 12:00.<\/span><\/p><\/td><td><p><span style=\"font-weight: 400;\">Defectos m\u00e1s comunes del queso<\/span><\/p><p><span style=\"font-weight: 400;\">(Clase magistral)<\/span><\/p><\/td><td><p><span style=\"font-weight: 400;\">M\u00facio Mansur Furtado<\/span><\/p><\/td><td><p><span style=\"font-weight: 400;\">Un destacado profesor e investigador en tecnolog\u00eda quesera, con d\u00e9cadas de experiencia en la formaci\u00f3n de queseros.<\/span><\/p><p><span style=\"font-weight: 400;\">*(Clase Magistral \u2013 R$ 260)*<\/span><\/p><\/td><\/tr><tr><td><p><span style=\"font-weight: 400;\">12:00 - 14:00<\/span><\/p><\/td><td><p><span style=\"font-weight: 400;\">Descanso \u2013 Almuerzo<\/span><\/p><\/td><td><p><span style=\"font-weight: 400;\">\u2014<\/span><\/p><\/td><td><p><span style=\"font-weight: 400;\">\u2014<\/span><\/p><\/td><\/tr><tr><td><p><span style=\"font-weight: 400;\">14:00 - 14:30<\/span><\/p><\/td><td><p><span style=\"font-weight: 400;\">Inauguraci\u00f3n oficial de la V\u00eda L\u00e1ctea<\/span><\/p><\/td><td><p><span style=\"font-weight: 400;\">Cl\u00e1udia Mendon\u00e7a (SerT\u00e3oBras)<\/span><\/p><\/td><td><p><span style=\"font-weight: 400;\">Director General de SerT\u00e3oBras, una asociaci\u00f3n dedicada a la promoci\u00f3n del sector.<\/span><\/p><\/td><\/tr><tr><td>\u00a0<\/td><td>\u00a0<\/td><td><p><span style=\"font-weight: 400;\">Juliana Jensen (Club Brasil da Guilde)<\/span><\/p><\/td><td><p><span style=\"font-weight: 400;\">Presidente del Club Brasil de la Guilde Internationale des Fromagers.<\/span><\/p><\/td><\/tr><tr><td>\u00a0<\/td><td>\u00a0<\/td><td><p><span style=\"font-weight: 400;\">Luis Augusto Nero (BRAFP)<\/span><\/p><\/td><td><p><span style=\"font-weight: 400;\">Profesor e investigador de la Universidad Federal de Vi\u00e7osa.<\/span><\/p><\/td><\/tr><tr><td rowspan=\"4\"><p><span style=\"font-weight: 400;\">14:30 - 16:00<\/span><\/p><\/td><td rowspan=\"4\"><p><span style=\"font-weight: 400;\">Quesos de todo el mundo y de Brasil<\/span><\/p><\/td><td><p><span style=\"font-weight: 400;\">Antonio Fernandes (Brasil)<\/span><\/p><\/td><td><p><span style=\"font-weight: 400;\">Profesor e investigador de la Universidad Federal de Vi\u00e7osa.<\/span><\/p><\/td><\/tr><tr><td><p><span style=\"font-weight: 400;\"> Mart\u00edn Knossalla (Alemania)<\/span><\/p><\/td><td><p><span style=\"font-weight: 400;\">DSM-Firmenich.\u00a0<\/span><\/p><\/td><\/tr><tr><td><p><span style=\"font-weight: 400;\">Delphine Luhring (Francia)<\/span><\/p><\/td><td><p><span style=\"font-weight: 400;\">ENILEA Polingy.<\/span><\/p><\/td><\/tr><tr><td><p><span style=\"font-weight: 400;\">Margarita Caccamo (Italia)<\/span><\/p><\/td><td><p><span style=\"font-weight: 400;\">CORFILAC Ragusa.<\/span><\/p><\/td><\/tr><\/tbody><\/table><h3><b>Habitaci\u00f3n 2<\/b><\/h3><table><tbody><tr><td><p><span style=\"font-weight: 400;\">Tiempo<\/span><\/p><\/td><td><p><span style=\"font-weight: 400;\">Tema<\/span><\/p><\/td><td><p><span style=\"font-weight: 400;\">Vocero<\/span><\/p><\/td><td><p><span style=\"font-weight: 400;\">Perfil<\/span><\/p><\/td><\/tr><tr><td rowspan=\"3\"><p><span style=\"font-weight: 400;\">De 9:00 a 12:00.<\/span><\/p><\/td><td rowspan=\"3\"><p><span style=\"font-weight: 400;\">Panel SEBRAE<\/span><\/p><\/td><td><p><span style=\"font-weight: 400;\">Simone Goldman \u2013 Inversi\u00f3n en Gesti\u00f3n, oportunidades y retos (SEBRAE-SP)<\/span><\/p><\/td><td rowspan=\"3\"><p><span style=\"font-weight: 400;\">El Servicio Brasile\u00f1o de Apoyo a las Micro y Peque\u00f1as Empresas presenta sus iniciativas para apoyar a los peque\u00f1os productores y emprendedores del sector l\u00e1cteo.<\/span><\/p><\/td><\/tr><tr><td><p><span style=\"font-weight: 400;\">Jo\u00e3o Paulo Arciprete \u2013 Gesti\u00f3n y sostenibilidad como ventaja competitiva en la producci\u00f3n de queso (SEBRAE-SP)<\/span><\/p><\/td><\/tr><tr><td><p><span style=\"font-weight: 400;\">Val\u00e9ria Pires \u2013 De la competencia al mercado, c\u00f3mo Mato Grosso est\u00e1 transformando la calidad en valor (SEBRAE \u2013 MT)<\/span><\/p><\/td><\/tr><tr><td><p><span style=\"font-weight: 400;\">12:00 - 14:00<\/span><\/p><\/td><td><p><span style=\"font-weight: 400;\">Descanso \u2013 Almuerzo<\/span><\/p><\/td><td><p><span style=\"font-weight: 400;\">\u2014<\/span><\/p><\/td><td><p><span style=\"font-weight: 400;\">\u2014<\/span><\/p><\/td><\/tr><tr><td><p><span style=\"font-weight: 400;\">De 14:00 a 17:00 horas<\/span><\/p><\/td><td><p><span style=\"font-weight: 400;\">C\u00f3mo dominar el proceso de elaboraci\u00f3n del queso y dejar de &quot;adivinar&quot; qu\u00e9 queso es el adecuado.<\/span><\/p><\/td><td><p><span style=\"font-weight: 400;\">Rodrigo Magalh\u00e3es (Alimentos Globales)<\/span><\/p><\/td><td><p><span style=\"font-weight: 400;\">Como experto en gesti\u00f3n de procesos en el arte de la elaboraci\u00f3n de quesos, Rodrigo aporta un enfoque pr\u00e1ctico para garantizar el \u00e9xito.<\/span><\/p><\/td><\/tr><\/tbody><\/table><h3>\u00a0<\/h3><h3><b>Habitaci\u00f3n 3<\/b><\/h3><table><tbody><tr><td><p><span style=\"font-weight: 400;\">Tiempo<\/span><\/p><\/td><td><p><span style=\"font-weight: 400;\">Tema<\/span><\/p><\/td><td><p><span style=\"font-weight: 400;\">Vocero<\/span><\/p><\/td><td><p><span style=\"font-weight: 400;\">Perfil<\/span><\/p><\/td><\/tr><tr><td><p><span style=\"font-weight: 400;\">De 9:00 a 11:00<\/span><\/p><\/td><td><p><span style=\"font-weight: 400;\">Cuando el territorio se convierte en valor: la DOP y la IGP italianas.<\/span><\/p><\/td><td><p><span style=\"font-weight: 400;\">Ma\u00edra Vasques Pessanha<\/span><\/p><\/td><td><p><span style=\"font-weight: 400;\">Redactor jefe de la revista Professione Casaro Italia, especializada en denominaciones de origen e indicaciones geogr\u00e1ficas en Italia.<\/span><\/p><\/td><\/tr><tr><td><p><span style=\"font-weight: 400;\">De 11:00 a 12:00.<\/span><\/p><\/td><td><p><span style=\"font-weight: 400;\">Indicaciones geogr\u00e1ficas de Minas Gerais<\/span><\/p><\/td><td><p><span style=\"font-weight: 400;\">Lucilha de Faria (Serra da Canastra)<\/span><\/p><p><span style=\"font-weight: 400;\">Estela Mares\u00a0<\/span><\/p><p><span style=\"font-weight: 400;\">(Serro)<\/span><\/p><\/td><td><p><span style=\"font-weight: 400;\">Representantes de la Asociaci\u00f3n de Productores de Queso Artesanal de Minas.<\/span><\/p><\/td><\/tr><tr><td><p><span style=\"font-weight: 400;\">12:00 - 14:00<\/span><\/p><\/td><td><p><span style=\"font-weight: 400;\">Descanso \u2013 Almuerzo<\/span><\/p><\/td><td><p><span style=\"font-weight: 400;\">\u2014<\/span><\/p><\/td><td><p><span style=\"font-weight: 400;\">\u2014<\/span><\/p><\/td><\/tr><tr><td><p><span style=\"font-weight: 400;\">14:00 - 15:00<\/span><\/p><\/td><td><p><span style=\"font-weight: 400;\">Beneficios de la leche cruda<\/span><\/p><\/td><td><p><span style=\"font-weight: 400;\">Arnaud Sperat Czar (Fundaci\u00f3n para la Biodiversidad Fromag\u00e8re)<\/span><\/p><\/td><td><p><span style=\"font-weight: 400;\">Arnaud, un experto franc\u00e9s afincado en Brasil, es partidario del uso de leche cruda en la producci\u00f3n de quesos artesanales y es miembro de la Fundaci\u00f3n para la Biodiversidad del Queso.<\/span><\/p><\/td><\/tr><tr><td><p><span style=\"font-weight: 400;\">De 15:00 a 16:00 horas<\/span><\/p><\/td><td><p><span style=\"font-weight: 400;\">El queso en los asentamientos: trabajo cooperativo liberador para las mujeres.<\/span><\/p><\/td><td><p><span style=\"font-weight: 400;\">Elisabeth Schober (MST)<\/span><\/p><\/td><td><p><span style=\"font-weight: 400;\">Elisabeth, representante del Movimiento de Trabajadores Rurales Sin Tierra, comparte la experiencia de las cooperativas queseras que promueven la autonom\u00eda y el empoderamiento femenino en el campo.<\/span><\/p><\/td><\/tr><\/tbody><\/table><h2><b>S\u00e1bado, 18 de abril<\/b><\/h2><h3><b>Habitaci\u00f3n 1<\/b><\/h3><table><tbody><tr><td><p><span style=\"font-weight: 400;\">Tiempo<\/span><\/p><\/td><td><p><span style=\"font-weight: 400;\">Tema<\/span><\/p><\/td><td><p><span style=\"font-weight: 400;\">Vocero<\/span><\/p><\/td><td><p><span style=\"font-weight: 400;\">Perfil<\/span><\/p><\/td><\/tr><tr><td><p><span style=\"font-weight: 400;\">De 9:00 a 12:00.<\/span><\/p><\/td><td><p><span style=\"font-weight: 400;\">Normativa brasile\u00f1a sobre el queso<\/span><\/p><\/td><td><p><span style=\"font-weight: 400;\">Nelson de Andrade (MAPA)<\/span><\/p><\/td><td><p><span style=\"font-weight: 400;\">Auditor fiscal y experto en la regulaci\u00f3n de quesos artesanales en el Ministerio de Agricultura.<\/span><\/p><\/td><\/tr><tr><td>\u00a0<\/td><td>\u00a0<\/td><td><p><span style=\"font-weight: 400;\">Jamir Macedo (PA)<\/span><\/p><\/td><td><p><span style=\"font-weight: 400;\">Especialista en la inspecci\u00f3n y supervisi\u00f3n de productos de origen animal en el estado de Par\u00e1.<\/span><\/p><\/td><\/tr><tr><td>\u00a0<\/td><td>\u00a0<\/td><td><p><span style=\"font-weight: 400;\">Alexsandra Olmos (SC)<\/span><\/p><\/td><td><p><span style=\"font-weight: 400;\">Responsable t\u00e9cnico del control de calidad e inspecci\u00f3n de quesos artesanales en Santa Catarina.<\/span><\/p><\/td><\/tr><tr><td>\u00a0<\/td><td>\u00a0<\/td><td><p><span style=\"font-weight: 400;\">Jos\u00e9 Omena, M\u00e1rcio Panza y Stefano Bernardo (AM)<\/span><\/p><\/td><td><p><span style=\"font-weight: 400;\">Un equipo del Amazonas trabaja en la consolidaci\u00f3n de la legislaci\u00f3n estatal sobre quesos regionales.<\/span><\/p><\/td><\/tr><tr><td>\u00a0<\/td><td>\u00a0<\/td><td><p><span style=\"font-weight: 400;\">Walter Cartaxo y Rodrigo Fujihara (RO)<\/span><\/p><\/td><td><p><span style=\"font-weight: 400;\">Representantes de Rond\u00f4nia dedicados a la seguridad alimentaria y al desarrollo de la cadena de producci\u00f3n.<\/span><\/p><\/td><\/tr><tr><td>\u00a0<\/td><td>\u00a0<\/td><td><p><span style=\"font-weight: 400;\">M\u00e9rli Schuller y Jociane Santos (MT)<\/span><\/p><\/td><td><p><span style=\"font-weight: 400;\">T\u00e9cnicos de Mato Grosso trabajan en la implementaci\u00f3n de est\u00e1ndares para quesos artesanales en el estado.<\/span><\/p><\/td><\/tr><tr><td>\u00a0<\/td><td>\u00a0<\/td><td><p><span style=\"font-weight: 400;\">Luiz Barrochelo (SP)<\/span><\/p><\/td><td><p><span style=\"font-weight: 400;\">Especialista en defensa agr\u00edcola y legislaci\u00f3n quesera en el estado de S\u00e3o Paulo.<\/span><\/p><\/td><\/tr><tr><td>\u00a0<\/td><td>\u00a0<\/td><td><p><span style=\"font-weight: 400;\">Marcelo Sales Guimar\u00e3es (GO)<\/span><\/p><\/td><td><p><span style=\"font-weight: 400;\">Coordinador de la Unidad Regional Rio das Antas en Goi\u00e1s.<\/span><\/p><\/td><\/tr><tr><td>\u00a0<\/td><td>\u00a0<\/td><td><p><span style=\"font-weight: 400;\">Fabiano Fiuza (ES)<\/span><\/p><\/td><td><p><span style=\"font-weight: 400;\">Especialista en defensa sanitaria y legislaci\u00f3n quesera en Esp\u00edrito Santo.<\/span><\/p><\/td><\/tr><tr><td>\u00a0<\/td><td>\u00a0<\/td><td><p><span style=\"font-weight: 400;\">El diputado federal Z\u00e9 Silva<\/span><\/p><\/td><td><p><span style=\"font-weight: 400;\">Diputado y productor rural, es uno de los principales defensores del sector agr\u00edcola y de los temas relacionados con el queso artesanal en el Congreso Nacional.<\/span><\/p><\/td><\/tr><tr><td><p><span style=\"font-weight: 400;\">12:00 - 14:00<\/span><\/p><\/td><td><p><span style=\"font-weight: 400;\">Descanso \u2013 Almuerzo<\/span><\/p><\/td><td><p><span style=\"font-weight: 400;\">\u2014<\/span><\/p><\/td><td><p><span style=\"font-weight: 400;\">\u2014<\/span><\/p><\/td><\/tr><tr><td><p>\u00a0<\/p><p><span style=\"font-weight: 400;\">De 14:00 a 17:00 horas<\/span><\/p><\/td><td><p><span style=\"font-weight: 400;\">Estado actual de la brucelosis y la tuberculosis en Brasil<\/span><\/p><\/td><td><p><span style=\"font-weight: 400;\">Patricia Santana Ferreira (MAPA)<\/span><\/p><\/td><td><p><span style=\"font-weight: 400;\">Veterinario y gestor de programas nacionales para el control de la brucelosis y la tuberculosis, presentando los avances sanitarios en el pa\u00eds.<\/span><\/p><\/td><\/tr><tr><td>\u00a0<\/td><td>\u00a0<\/td><td><p><span style=\"font-weight: 400;\">Alexandre Blanco (SENAR-PR)<\/span><\/p><\/td><td><p><span style=\"font-weight: 400;\">Especialista en formaci\u00f3n profesional rural en Paran\u00e1, dedicada a la capacitaci\u00f3n de productores y t\u00e9cnicos para el sector l\u00e1cteo.<\/span><\/p><\/td><\/tr><tr><td>\u00a0<\/td><td>\u00a0<\/td><td><p><span style=\"font-weight: 400;\">Ivy Maggesi (SENAR-MG)<\/span><\/p><\/td><td><p><span style=\"font-weight: 400;\">Proveedor l\u00edder de asistencia t\u00e9cnica y servicios de extensi\u00f3n rural para productores de queso artesanal en Minas Gerais.<\/span><\/p><\/td><\/tr><tr><td>\u00a0<\/td><td>\u00a0<\/td><td><p><span style=\"font-weight: 400;\">P\u00e8ele Lemos (Granja Lano-Alto)<\/span><\/p><\/td><td><p><span style=\"font-weight: 400;\">Un productor rural que comparte su experiencia en la gesti\u00f3n de explotaciones lecheras, con especial atenci\u00f3n a la calidad y la sostenibilidad.<\/span><\/p><\/td><\/tr><tr><td>\u00a0<\/td><td>\u00a0<\/td><td><p><span style=\"font-weight: 400;\">Holorico Costa (Granja Sinhana)<\/span><\/p><\/td><td><p><span style=\"font-weight: 400;\">Un productor de leche con una trayectoria reconocida en la producci\u00f3n de materias primas de alta calidad para quesos artesanales.<\/span><\/p><\/td><\/tr><tr><td>\u00a0<\/td><td>\u00a0<\/td><td><p><span style=\"font-weight: 400;\">Franciele Rechembach Haselbauer\u00a0<\/span><\/p><p><span style=\"font-weight: 400;\">(F\u00e1brica de Queso Encantada)<\/span><\/p><\/td><td><p><span style=\"font-weight: 400;\">Ingeniero agr\u00f3nomo y productor de quesos artesanales de Paran\u00e1.<\/span><\/p><\/td><\/tr><\/tbody><\/table><h3><b>Habitaci\u00f3n 2<\/b><\/h3><table><tbody><tr><td><p><span style=\"font-weight: 400;\">Tiempo<\/span><\/p><\/td><td><p><span style=\"font-weight: 400;\">Tema<\/span><\/p><\/td><td><p><span style=\"font-weight: 400;\">Vocero<\/span><\/p><\/td><td><p><span style=\"font-weight: 400;\">Perfil<\/span><\/p><\/td><\/tr><tr><td><p><span style=\"font-weight: 400;\">9:00 - 10:00<\/span><\/p><\/td><td><p><span style=\"font-weight: 400;\">Investigaci\u00f3n con queso artesanal<\/span><\/p><\/td><td><p><span style=\"font-weight: 400;\">Uelinton Pinto (USP) \u2013 Impacto del suero en el metaboloma y seguridad del queso artesanal<\/span><\/p><\/td><td><p><span style=\"font-weight: 400;\">Investigadora de la USP (Universidad de S\u00e3o Paulo) especializada en microbiolog\u00eda alimentaria, que estudia las comunidades microbianas que dan identidad a los quesos artesanales.<\/span><\/p><\/td><\/tr><tr><td>\u00a0<\/td><td>\u00a0<\/td><td><p><span style=\"font-weight: 400;\">Luis Nero (UFV) \u2013 Potencial biopreservante de las bacterias l\u00e1cticas presentes de forma natural en los quesos artesanales<\/span><\/p><\/td><td><p><span style=\"font-weight: 400;\">Profesor e investigador de la Universidad Federal de Vi\u00e7osa, especializado en microbiolog\u00eda y tecnolog\u00eda l\u00e1ctea.<\/span><\/p><\/td><\/tr><tr><td>\u00a0<\/td><td>\u00a0<\/td><td><p><span style=\"font-weight: 400;\">Alline Tribst (UNICAMP) \u2013 Coagulantes vegetales: una alternativa para la producci\u00f3n de quesos mantecosos<\/span><\/p><\/td><td><p><span style=\"font-weight: 400;\">Profesor e investigador en el campo del procesamiento de alimentos, con especial \u00e9nfasis en la conservaci\u00f3n y la calidad del queso.<\/span><\/p><\/td><\/tr><tr><td><p><span style=\"font-weight: 400;\">10:00 - 11:00<\/span><\/p><\/td><td><p><span style=\"font-weight: 400;\">P\u00f3sters del prisma del queso en la ciencia<\/span><\/p><\/td><td><p><span style=\"font-weight: 400;\">Los autores de los p\u00f3steres seleccionados<\/span><\/p><\/td><td><p><span style=\"font-weight: 400;\">Un aspecto destacado es la presentaci\u00f3n de trabajos cient\u00edficos seleccionados, donde los propios investigadores presentan sus hallazgos y contribuciones a la industria quesera.<\/span><\/p><\/td><\/tr><tr><td><p><span style=\"font-weight: 400;\">De 11:00 a 12:00.<\/span><\/p><\/td><td><p><span style=\"font-weight: 400;\">Queso parmesano: t\u00e9cnicas de elaboraci\u00f3n<\/span><\/p><\/td><td><p><span style=\"font-weight: 400;\">Alejandro Saraiva (Fermentech)<\/span><\/p><\/td><td><p><span style=\"font-weight: 400;\">Consultor de Fermentech\u00a0<\/span><\/p><\/td><\/tr><tr><td><p><span style=\"font-weight: 400;\">12:00 - 14:00<\/span><\/p><\/td><td><p><span style=\"font-weight: 400;\">Descanso \u2013 Almuerzo<\/span><\/p><\/td><td><p><span style=\"font-weight: 400;\">\u2014<\/span><\/p><\/td><td><p><span style=\"font-weight: 400;\">\u2014<\/span><\/p><\/td><\/tr><tr><td><p><span style=\"font-weight: 400;\">14:00 - 15:00<\/span><\/p><\/td><td><p><span style=\"font-weight: 400;\">ruedas de sabor a queso<\/span><\/p><\/td><td><p><span style=\"font-weight: 400;\">Leticia Pereira Basilio (EMATER-MG)<\/span><\/p><\/td><td><p><span style=\"font-weight: 400;\">Especialista en an\u00e1lisis sensorial y percepci\u00f3n de los aromas y sabores de los quesos.<\/span><\/p><\/td><\/tr><tr><td><p><span style=\"font-weight: 400;\">De 15:00 a 17:00 horas<\/span><\/p><\/td><td><p><span style=\"font-weight: 400;\">El arte de ser quesero.<\/span><\/p><\/td><td><p><span style=\"font-weight: 400;\">Claudine Vigier<\/span><\/p><\/td><td><p><span style=\"font-weight: 400;\">Maestro quesero franc\u00e9s con amplia experiencia en ventas de productos artesanales y formaci\u00f3n de queseros, que aporta t\u00e9cnicas tradicionales y un profundo conocimiento del sector.<\/span><\/p><\/td><\/tr><tr><td>\u00a0<\/td><td>\u00a0<\/td><td><p><span style=\"font-weight: 400;\">Annick Pol\u00e8se<\/span><\/p><\/td><td><p><span style=\"font-weight: 400;\">Maestro quesero y especialista en quesos artesanales, con una trayectoria internacional en la promoci\u00f3n del trabajo de los productores de queso.<\/span><\/p><\/td><\/tr><tr><td>\u00a0<\/td><td>\u00a0<\/td><td><p><span style=\"font-weight: 400;\">D\u00e9borah Pereira<\/span><\/p><\/td><td><p><span style=\"font-weight: 400;\">Profesor y periodista franco-brasile\u00f1o, y asesor de SerT\u00e3oBras.<\/span><\/p><\/td><\/tr><\/tbody><\/table><h3><b>Habitaci\u00f3n 3<\/b><\/h3><table><tbody><tr><td><p><span style=\"font-weight: 400;\">Tiempo<\/span><\/p><\/td><td><p><span style=\"font-weight: 400;\">Tema<\/span><\/p><\/td><td><p><span style=\"font-weight: 400;\">Profesor<\/span><\/p><\/td><td><p><span style=\"font-weight: 400;\">Perfil<\/span><\/p><\/td><\/tr><tr><td><p><span style=\"font-weight: 400;\">De 9:00 a 12:00.<\/span><\/p><\/td><td><p><span style=\"font-weight: 400;\">Quesos de autor (Clase magistral)<\/span><\/p><\/td><td><p><span style=\"font-weight: 400;\">Delphine Luhring (ENILEA)<\/span><\/p><\/td><td><p><span style=\"font-weight: 400;\">La reconocida profesora Delphine, de ENILEA (Escuela Nacional Francesa de la Industria L\u00e1ctea), comparte estrategias tecnol\u00f3gicas para lograr sabor, calidad y personalidad en quesos de autor.\u00a0<\/span><\/p><\/td><\/tr><tr><td><p><span style=\"font-weight: 400;\">12:00 - 14:00<\/span><\/p><\/td><td><p><span style=\"font-weight: 400;\">Descanso \u2013 Almuerzo<\/span><\/p><\/td><td><p><span style=\"font-weight: 400;\">\u2014<\/span><\/p><\/td><td><p><span style=\"font-weight: 400;\">\u2014<\/span><\/p><\/td><\/tr><tr><td rowspan=\"3\"><p><span style=\"font-weight: 400;\">14:00 - 15:00<\/span><\/p><\/td><td rowspan=\"3\"><p><span style=\"font-weight: 400;\">Tecnolog\u00eda de punta: cabras y ovejas<\/span><\/p><\/td><td><p><span style=\"font-weight: 400;\">Luciano Piovesan (Expedici\u00f3n B\u00e9\u00e9\u00e9 Brasil y Am\u00e9rica)<\/span><\/p><\/td><td rowspan=\"3\"><p><span style=\"font-weight: 400;\">Expertos en la cadena de producci\u00f3n caprina y ovina debatir\u00e1n este tema con productores de Sert\u00e3oBras. .<\/span><\/p><\/td><\/tr><tr><td><p><span style=\"font-weight: 400;\">Rejane Maia\u00a0<\/span><\/p><p><span style=\"font-weight: 400;\">(IFCE)\u00a0<\/span><\/p><\/td><\/tr><tr><td><p><span style=\"font-weight: 400;\">Andresa Bianchi (Casa Bianchi)<\/span><\/p><\/td><\/tr><tr><td><p><span style=\"font-weight: 400;\">De 15:00 a 16:00 horas<\/span><\/p><\/td><td><p><span style=\"font-weight: 400;\">Mesa Redonda \u2013 B\u00fafalos<\/span><\/p><\/td><td><p><span style=\"font-weight: 400;\">Filipe Paulino y Ronaldo C\u00e9sar (B\u00fafala Almeida Prado)<\/span><\/p><\/td><td><p><span style=\"font-weight: 400;\">Productores y especialistas en la cr\u00eda de b\u00fafalos lecheros y la producci\u00f3n de queso de b\u00fafala. Miembros de SerT\u00e3oBras.<\/span><\/p><\/td><\/tr><tr><td rowspan=\"3\"><p><span style=\"font-weight: 400;\">De 16:00 a 17:00 horas<\/span><\/p><\/td><td rowspan=\"3\"><p><span style=\"font-weight: 400;\">Mesa Redonda \u2013 Fabricantes de queso<\/span><\/p><\/td><td><p><span style=\"font-weight: 400;\">Anderson Aguiar<\/span><\/p><p><span style=\"font-weight: 400;\">(Mejor Quesero 2024)<\/span><\/p><\/td><td rowspan=\"3\"><p><span style=\"font-weight: 400;\">Queseros asociados a SerT\u00e3oBras que han participado y participar\u00e1n en concursos y que promueven la cultura quesera a trav\u00e9s de las redes sociales y proyectos personales en Brasil.<\/span><\/p><\/td><\/tr><tr><td><p><span style=\"font-weight: 400;\">Maycon Oliveira (Candidato a Mejor Quesero 2026)<\/span><\/p><\/td><\/tr><tr><td><p><span style=\"font-weight: 400;\">Ad\u00e1n y Faviane (El queso es vida)<\/span><\/p><\/td><\/tr><\/tbody><\/table><p><span style=\"font-weight: 400;\">El programa V\u00eda L\u00e1ctea invita a queseros, productores, t\u00e9cnicos, investigadores y aficionados al queso a reunirse, intercambiar experiencias y seguir impulsando el sector en Brasil. \u00a1Consigue tu entrada y participa en este viaje de conocimiento en el Teatro B32!<\/span><\/p><p><span style=\"font-weight: 400;\">Registro: <\/span><a href=\"https:\/\/mundialdoqueijodobrasil.com\/es\/\"><span style=\"font-weight: 400;\">mundialdoqueijodobrasil.com<\/span><span style=\"font-weight: 400;\"><br \/><\/span><\/a><span style=\"font-weight: 400;\">Ubicaci\u00f3n: Teatro B32 \u2013 Pra\u00e7a da Baleia, S\u00e3o Paulo<\/span><\/p><p><i><span style=\"font-weight: 400;\">El horario est\u00e1 sujeto a cambios.<\/span><\/i><\/p><p><strong>Comit\u00e9 organizador y cient\u00edfico<\/strong><\/p><ul><li><strong>Andrea Badar\u00f3<\/strong> (SerT\u00e3oBras\/UFTPR),<\/li><li><strong>Antonio Fernandes<\/strong> (SerT\u00e3oBras\/UFV),<\/li><li><strong>D\u00e9borah Pereira<\/strong> (SerT\u00e3oBras\/Cifca)<\/li><li><strong>Leonardo Acurcio<\/strong> (Sert\u00e3oBr\u00e1s\/UNIFOR-MG)<\/li><li><strong>Luis Nero<\/strong> (Brafp\/UFV)<\/li><li><strong>Uelinton Pinto<\/strong> (Brafp\/USP),<\/li><\/ul><p>\u00a0<\/p><p dir=\"ltr\" style=\"line-height: 1.2; text-align: justify; background-color: #ffffff; margin-top: 0pt; margin-bottom: 0pt; padding: 0pt 0pt 12pt 0pt;\">\u00a0<\/p>\t\t\t\t\t\t\t\t<\/div>\n\t\t\t\t<\/div>\n\t\t\t\t\t<\/div>\n\t\t\t\t<\/div>\n\t\t<div class=\"elementor-element elementor-element-b00a9b2 e-flex e-con-boxed e-con e-parent\" data-id=\"b00a9b2\" data-element_type=\"container\" data-e-type=\"container\">\n\t\t\t\t\t<div class=\"e-con-inner\">\n\t\t\t\t\t<\/div>\n\t\t\t\t<\/div>\n\t\t\t\t<\/div>","protected":false},"excerpt":{"rendered":"<p>Programa de confer\u00eancias, forma\u00e7\u00f5es e mesas redondas.<\/p>","protected":false},"author":6,"featured_media":6196,"parent":0,"menu_order":0,"comment_status":"closed","ping_status":"closed","template":"","meta":{"_price":"","_stock":"","_tribe_ticket_header":"","_tribe_default_ticket_provider":"","_tribe_ticket_capacity":"0","_ticket_start_date":"","_ticket_end_date":"","_tribe_ticket_show_description":"","_tribe_ticket_show_not_going":false,"_tribe_ticket_use_global_stock":"","_tribe_ticket_global_stock_level":"","_global_stock_mode":"","_global_stock_cap":"","_tribe_rsvp_for_event":"","_tribe_ticket_going_count":"","_tribe_ticket_not_going_count":"","_tribe_tickets_list":"[]","_tribe_ticket_has_attendee_info_fields":false,"footnotes":""},"class_list":["post-8749","page","type-page","status-publish","has-post-thumbnail","hentry"],"_links":{"self":[{"href":"https:\/\/mundialdoqueijodobrasil.com\/es\/wp-json\/wp\/v2\/pages\/8749","targetHints":{"allow":["GET"]}}],"collection":[{"href":"https:\/\/mundialdoqueijodobrasil.com\/es\/wp-json\/wp\/v2\/pages"}],"about":[{"href":"https:\/\/mundialdoqueijodobrasil.com\/es\/wp-json\/wp\/v2\/types\/page"}],"author":[{"embeddable":true,"href":"https:\/\/mundialdoqueijodobrasil.com\/es\/wp-json\/wp\/v2\/users\/6"}],"replies":[{"embeddable":true,"href":"https:\/\/mundialdoqueijodobrasil.com\/es\/wp-json\/wp\/v2\/comments?post=8749"}],"version-history":[{"count":41,"href":"https:\/\/mundialdoqueijodobrasil.com\/es\/wp-json\/wp\/v2\/pages\/8749\/revisions"}],"predecessor-version":[{"id":95829,"href":"https:\/\/mundialdoqueijodobrasil.com\/es\/wp-json\/wp\/v2\/pages\/8749\/revisions\/95829"}],"wp:featuredmedia":[{"embeddable":true,"href":"https:\/\/mundialdoqueijodobrasil.com\/es\/wp-json\/wp\/v2\/media\/6196"}],"wp:attachment":[{"href":"https:\/\/mundialdoqueijodobrasil.com\/es\/wp-json\/wp\/v2\/media?parent=8749"}],"curies":[{"name":"wp","href":"https:\/\/api.w.org\/{rel}","templated":true}]}}